{"id":229789,"date":"2021-07-07T09:46:42","date_gmt":"2021-07-07T07:46:42","guid":{"rendered":"http:\/\/echoclinique.fr\/?page_id=229789"},"modified":"2024-02-06T22:29:35","modified_gmt":"2024-02-06T21:29:35","slug":"inscription-2","status":"publish","type":"page","link":"https:\/\/echoclinique.fr\/index.php\/inscription-2\/","title":{"rendered":"INSCRIPTION"},"content":{"rendered":"<p>[et_pb_section fb_built=&#8221;1&#8243; _builder_version=&#8221;4.16&#8243; _module_preset=&#8221;default&#8221; custom_padding=&#8221;||15px|||&#8221; global_colors_info=&#8221;{}&#8221;][et_pb_row _builder_version=&#8221;4.16&#8243; _module_preset=&#8221;default&#8221; global_colors_info=&#8221;{}&#8221;][et_pb_column type=&#8221;4_4&#8243; _builder_version=&#8221;4.16&#8243; _module_preset=&#8221;default&#8221; global_colors_info=&#8221;{}&#8221;][dsm_text_divider header=&#8221;Inscription au congr\u00e8s \u00e9choclinique 2024&#8243; _builder_version=&#8221;4.20.1&#8243; _module_preset=&#8221;default&#8221; header_level=&#8221;h1&#8243; global_colors_info=&#8221;{}&#8221;][\/dsm_text_divider][\/et_pb_column][\/et_pb_row][et_pb_row disabled_on=&#8221;off|off|off&#8221; _builder_version=&#8221;4.20.1&#8243; _module_preset=&#8221;default&#8221; custom_padding=&#8221;||5px|||&#8221; global_colors_info=&#8221;{}&#8221;][et_pb_column type=&#8221;4_4&#8243; _builder_version=&#8221;4.16&#8243; _module_preset=&#8221;default&#8221; global_colors_info=&#8221;{}&#8221;][et_pb_text _builder_version=&#8221;4.20.1&#8243; _module_preset=&#8221;default&#8221; global_colors_info=&#8221;{}&#8221;]<\/p>\n<h3>Les inscriptions au congr\u00e8s sont <span style=\"color: #008080;\"><strong>ouvertes<\/strong><\/span> , cliquez sur le bouton relatif \u00e0 votre situation :<\/h3>\n<p>[\/et_pb_text][\/et_pb_column][\/et_pb_row][et_pb_row column_structure=&#8221;1_4,1_4,1_4,1_4&#8243; disabled_on=&#8221;on|on|on&#8221; _builder_version=&#8221;4.20.1&#8243; _module_preset=&#8221;default&#8221; custom_padding=&#8221;13px|||||&#8221; hover_enabled=&#8221;0&#8243; global_colors_info=&#8221;{}&#8221; disabled=&#8221;on&#8221; sticky_enabled=&#8221;0&#8243;][et_pb_column type=&#8221;1_4&#8243; _builder_version=&#8221;4.20.1&#8243; _module_preset=&#8221;default&#8221; global_colors_info=&#8221;{}&#8221;][et_pb_button button_url=&#8221;https:\/\/eventizer.a2fm.fr\/public\/questionnaire\/72\/65464fe3b5e47&#8243; url_new_window=&#8221;on&#8221; button_text=&#8221;Je m&#8217;inscris &#8211; lib\u00e9ral avec prise en charge DPC ou FAF-PM (gratuit)&#8221; button_alignment=&#8221;center&#8221; _builder_version=&#8221;4.20.1&#8243; _module_preset=&#8221;default&#8221; custom_button=&#8221;on&#8221; button_text_size=&#8221;18px&#8221; button_text_color=&#8221;#009999&#8243; button_bg_color=&#8221;rgba(0,153,153,0.09)&#8221; button_border_width=&#8221;6px&#8221; button_font=&#8221;|600|||||||&#8221; button_icon=&#8221;&#x6c;||divi||400&#8243; global_colors_info=&#8221;{}&#8221;][\/et_pb_button][\/et_pb_column][et_pb_column type=&#8221;1_4&#8243; _builder_version=&#8221;4.16&#8243; _module_preset=&#8221;default&#8221; global_colors_info=&#8221;{}&#8221;][et_pb_button button_url=&#8221;https:\/\/eventizer.a2fm.fr\/public\/questionnaire\/76\/65464fe3b5e47&#8243; url_new_window=&#8221;on&#8221; button_text=&#8221;Je m&#8217;inscris &#8211; m\u00e9decin salari\u00e9 ou \u00e9tranger sans prise en charge DPC ou FAF-PM&#8221; button_alignment=&#8221;center&#8221; _builder_version=&#8221;4.20.1&#8243; _module_preset=&#8221;default&#8221; custom_button=&#8221;on&#8221; button_text_size=&#8221;18px&#8221; button_text_color=&#8221;#E09900&#8243; button_bg_color=&#8221;rgba(224,153,0,0.13)&#8221; button_border_width=&#8221;6px&#8221; button_font=&#8221;|600|||||||&#8221; button_icon=&#8221;&#x6c;||divi||400&#8243; global_colors_info=&#8221;{}&#8221;][\/et_pb_button][\/et_pb_column][et_pb_column type=&#8221;1_4&#8243; _builder_version=&#8221;4.20.1&#8243; _module_preset=&#8221;default&#8221; global_colors_info=&#8221;{}&#8221;][et_pb_button button_url=&#8221;https:\/\/eventizer.a2fm.fr\/public\/questionnaire\/82\/65464fe3b5e47&#8243; url_new_window=&#8221;on&#8221; button_text=&#8221;Je m&#8217;inscris &#8211; interne en m\u00e9decine en France&#8221; button_alignment=&#8221;center&#8221; _builder_version=&#8221;4.20.1&#8243; _module_preset=&#8221;default&#8221; custom_button=&#8221;on&#8221; button_text_size=&#8221;18px&#8221; button_text_color=&#8221;#8300E9&#8243; button_bg_color=&#8221;rgba(224,153,0,0.13)&#8221; button_border_width=&#8221;6px&#8221; button_font=&#8221;|600|||||||&#8221; button_icon=&#8221;&#x6c;||divi||400&#8243; global_colors_info=&#8221;{}&#8221;][\/et_pb_button][\/et_pb_column][et_pb_column type=&#8221;1_4&#8243; _builder_version=&#8221;4.16&#8243; _module_preset=&#8221;default&#8221; global_colors_info=&#8221;{}&#8221;][et_pb_button button_url=&#8221;https:\/\/eventizer.a2fm.fr\/public\/questionnaire\/77\/65464fe3b5e47&#8243; url_new_window=&#8221;on&#8221; button_text=&#8221;Je m&#8217;inscris uniquement aux pl\u00e9ni\u00e8res &#8221; button_alignment=&#8221;center&#8221; _builder_version=&#8221;4.20.1&#8243; _module_preset=&#8221;default&#8221; custom_button=&#8221;on&#8221; button_text_size=&#8221;18px&#8221; button_text_color=&#8221;#0C71C3&#8243; button_bg_color=&#8221;rgba(224,153,0,0.13)&#8221; button_border_width=&#8221;6px&#8221; button_font=&#8221;|600|||||||&#8221; button_icon=&#8221;&#x6c;||divi||400&#8243; global_colors_info=&#8221;{}&#8221;][\/et_pb_button][\/et_pb_column][\/et_pb_row][et_pb_row column_structure=&#8221;1_2,1_2&#8243; disabled_on=&#8221;on|on|on&#8221; _builder_version=&#8221;4.20.1&#8243; _module_preset=&#8221;default&#8221; disabled=&#8221;on&#8221; global_colors_info=&#8221;{}&#8221;][et_pb_column type=&#8221;1_2&#8243; _builder_version=&#8221;4.20.1&#8243; _module_preset=&#8221;default&#8221; global_colors_info=&#8221;{}&#8221;][et_pb_text _builder_version=&#8221;4.20.1&#8243; _module_preset=&#8221;default&#8221; global_colors_info=&#8221;{}&#8221;]<\/p>\n<p><strong>Attention<\/strong> : pour les inscription en DPC, merci de suivre le guide d\u00e9di\u00e9<\/p>\n<p>[\/et_pb_text][\/et_pb_column][et_pb_column type=&#8221;1_2&#8243; _builder_version=&#8221;4.20.1&#8243; _module_preset=&#8221;default&#8221; global_colors_info=&#8221;{}&#8221;][et_pb_button button_url=&#8221;https:\/\/echoclinique.fr\/wp-content\/uploads\/2024\/01\/Guide-inscription-en-DPC.pdf&#8221; url_new_window=&#8221;on&#8221; button_text=&#8221;Guide inscription DPC&#8221; _builder_version=&#8221;4.20.1&#8243; _module_preset=&#8221;default&#8221; custom_button=&#8221;on&#8221; button_text_color=&#8221;#FFFFFF&#8221; button_bg_color=&#8221;#E02B20&#8243; global_colors_info=&#8221;{}&#8221;][\/et_pb_button][\/et_pb_column][\/et_pb_row][et_pb_row disabled_on=&#8221;off|off|off&#8221; _builder_version=&#8221;4.20.1&#8243; _module_preset=&#8221;default&#8221; global_colors_info=&#8221;{}&#8221;][et_pb_column type=&#8221;4_4&#8243; _builder_version=&#8221;4.16&#8243; _module_preset=&#8221;default&#8221; global_colors_info=&#8221;{}&#8221;][et_pb_text _builder_version=&#8221;4.20.1&#8243; _module_preset=&#8221;default&#8221; text_font_size=&#8221;16px&#8221; text_line_height=&#8221;2em&#8221; border_width_all=&#8221;0px&#8221; global_colors_info=&#8221;{}&#8221;]<\/p>\n<h3>Tarifs d&#8217;inscription au Congr\u00e8s :<\/h3>\n<p>&nbsp;<\/p>\n<p>Le congr\u00e8s est <strong>totalement gratuit pour les m\u00e9decins lib\u00e9raux<\/strong> qui b\u00e9n\u00e9ficient de prises en charge FAFPM ou DPC pour les ateliers.<\/p>\n<ul>\n<li><span style=\"color: #339966; font-size: 16px;\"><strong>DPC<\/strong> pour les <strong>M\u00c9DECINS LIB\u00c9RAUX<\/strong> (+ de 50% de l&#8217;activit\u00e9) : possibilit\u00e9 de participer aux ateliers sous forme de programmes DPC avec prise en charge<\/span><strong style=\"color: #339966;\"><\/strong><span style=\"color: #339966; font-size: 16px;\"><\/span><span style=\"color: #339966; font-size: 16px;\"><\/span><\/li>\n<\/ul>\n<p><span style=\"color: #339966; font-size: 16px;\"><\/span><\/p>\n<ul>\n<li><strong style=\"color: #993366;\">FAFPM<\/strong><span style=\"color: #993366;\"> pour les <\/span><strong style=\"color: #993366;\">M\u00c9DECINS LIB\u00c9RAUX<\/strong><span style=\"color: #993366;\"> (+ de 50% de l&#8217;activit\u00e9) et <\/span><strong style=\"color: #993366;\">M\u00c9DECINS LIB\u00c9RAUX\u00a0<\/strong><span style=\"color: #993366;\"><span style=\"caret-color: #993366;\"><b>REMPLA\u00c7ANTS<\/b><\/span>\u00a0: possibilit\u00e9 de participer aux ateliers sous forme de sessions FAFPM avec prise en charge<\/span><\/li>\n<\/ul>\n<p><span style=\"color: #ff6600;\"><\/span><\/p>\n<ul>\n<li><span style=\"color: #ff6600;\">Pour les <\/span><strong style=\"color: #ff6600;\">M\u00c9DECINS SALARI\u00c9S<\/strong><span style=\"color: #ff6600;\"> (+ de 50% de l&#8217;activit\u00e9) : prise en charge par l&#8217;employeur et <\/span>les <strong>M\u00c9DECINS \u00c9TRANGERS<\/strong>\u00a0:<\/li>\n<\/ul>\n<table border=\"2\" style=\"height: 5px; width: 803px; border-style: outset; border-color: #1a9799; margin-left: auto; margin-right: auto;\">\n<caption><\/caption>\n<tbody>\n<tr style=\"height: 24px;\">\n<td colspan=\"4\" style=\"background-color: #cd6834; height: 10px; width: 791.03125px; text-align: center;\"><span style=\"color: #cd6834;\"><strong><span style=\"color: #ffffff;\">\u00a0Tarif Standard (pour les m\u00e9decins ne b\u00e9n\u00e9ficiant pas de prise en charge) *<\/span><\/strong><\/span><span style=\"color: #cd6834;\"><strong><span style=\"color: #ffffff;\"><br \/><\/span><\/strong><\/span><\/td>\n<\/tr>\n<tr style=\"height: 56px;\">\n<td style=\"height: 56px; text-align: center; width: 393.46875px;\" colspan=\"2\">Vous souhaitez participer \u00e0 l&#8217;ensemble du Congr\u00e8s : tables rondes, ateliers de formation et exposition<\/td>\n<td style=\"text-align: center; width: 35.171875px; height: 185px;\" rowspan=\"3\"><\/td>\n<td style=\"text-align: center; width: 350.390625px; height: 56px;\">Acc\u00e9der uniquement aux sessions pl\u00e9ni\u00e8res et \u00e0 l&#8217;exposition<\/td>\n<\/tr>\n<tr style=\"height: 65px;\">\n<td style=\"background-color: #1a9799; width: 187.0625px; height: 65px;\">\n<h4 style=\"text-align: center;\"><strong><span style=\"color: #ffffff;\">Tarifs TTC<\/span><\/strong><\/h4>\n<\/td>\n<td style=\"text-align: center; background-color: #1a9799; width: 200.40625px; height: 65px;\"><\/td>\n<td style=\"text-align: center; width: 350.390625px; height: 65px;\"><\/td>\n<\/tr>\n<tr style=\"height: 24px;\">\n<td style=\"width: 187.0625px; height: 22px; text-align: center;\">Forfait 1\/2 journ\u00e9e<\/td>\n<td style=\"text-align: center; width: 200.40625px; height: 22px;\">350,00 \u20ac<\/td>\n<td style=\"text-align: center; width: 350.390625px; height: 64px;\">100 \u20ac \/ jour<\/td>\n<\/tr>\n<\/tbody>\n<\/table>\n<ul>\n<li><span style=\"color: #8300e9;\"><strong>Pour les INTERNES (\u00e9tudiants en France)<\/strong><\/span><\/li>\n<\/ul>\n<table border=\"2\" style=\"height: 5px; width: 803px; border-style: outset; border-color: #1a9799; margin-left: auto; margin-right: auto;\">\n<caption><\/caption>\n<tbody>\n<tr style=\"height: 24px;\">\n<td colspan=\"4\" style=\"background-color: #cd6834; height: 10px; width: 791.03125px; text-align: center;\"><span style=\"color: #cd6834;\"><strong><span style=\"color: #ffffff;\">\u00a0Tarif internes\u00a0<\/span><\/strong><\/span><span style=\"color: #cd6834;\"><strong><span style=\"color: #ffffff;\"><br \/><\/span><\/strong><\/span><\/td>\n<\/tr>\n<tr style=\"height: 56px;\">\n<td style=\"height: 56px; text-align: center; width: 393.5px;\" colspan=\"2\">Vous souhaitez participer \u00e0 l&#8217;ensemble du Congr\u00e8s : tables rondes, ateliers de formation et exposition<\/td>\n<td style=\"text-align: center; width: 35.171875px; height: 185px;\" rowspan=\"3\"><\/td>\n<td style=\"text-align: center; width: 350.359375px; height: 56px;\">Acc\u00e9der uniquement aux sessions pl\u00e9ni\u00e8res et \u00e0 l&#8217;exposition<\/td>\n<\/tr>\n<tr style=\"height: 65px;\">\n<td style=\"background-color: #1a9799; width: 187.03125px; height: 65px;\">\n<h4 style=\"text-align: center;\"><strong><span style=\"color: #ffffff;\">Tarifs TTC<\/span><\/strong><\/h4>\n<\/td>\n<td style=\"text-align: center; background-color: #1a9799; width: 200.46875px; height: 65px;\"><\/td>\n<td style=\"text-align: center; width: 350.359375px; height: 65px;\"><\/td>\n<\/tr>\n<tr style=\"height: 24px;\">\n<td style=\"width: 187.03125px; height: 22px; text-align: center;\">Forfait journ\u00e9e<\/td>\n<td style=\"text-align: center; width: 200.46875px; height: 22px;\">200,00 \u20ac<\/td>\n<td style=\"text-align: center; width: 350.359375px; height: 64px;\">100 \u20ac \/ jour<\/td>\n<\/tr>\n<\/tbody>\n<\/table>\n<p>*\u00a0<em><\/em><i>Tarifs TTC (L&#8217;A2fm est une association loi 1901 non soumise \u00e0 la TVA sur les inscriptions) &#8211; Ces tarifs couvrent, selon le forfait choisi, l&#8217;acc\u00e8s aux sessions, les pauses caf\u00e9 et d\u00e9jeuners, la r\u00e9ception de bienvenue et la malette du participant.<\/i><\/p>\n<p><span>Pour les m\u00e9decins \u00e9trangers qui n&#8217;ont pas de visa, \u00e0 partir du 16 janvier 2024, \u00e9tant donn\u00e9 la proximit\u00e9 du congr\u00e8s, les lettres d&#8217;invitation ne sont plus d\u00e9livr\u00e9es. Nous vous donnons rdv pour la prochaine \u00e9dition.<\/span><\/p>\n<p>[\/et_pb_text][\/et_pb_column][\/et_pb_row][et_pb_row _builder_version=&#8221;4.20.1&#8243; _module_preset=&#8221;default&#8221; global_colors_info=&#8221;{}&#8221;][et_pb_column type=&#8221;4_4&#8243; _builder_version=&#8221;4.20.1&#8243; _module_preset=&#8221;default&#8221; global_colors_info=&#8221;{}&#8221;][et_pb_button button_url=&#8221;https:\/\/echoclinique.fr\/wp-content\/uploads\/2024\/01\/ec2024-book-programme-web.pdf&#8221; button_text=&#8221;T\u00e9l\u00e9charger le programme&#8221; button_alignment=&#8221;center&#8221; admin_label=&#8221;T\u00e9l\u00e9charger le fascicule&#8221; _builder_version=&#8221;4.20.1&#8243; _module_preset=&#8221;default&#8221; global_colors_info=&#8221;{}&#8221;][\/et_pb_button][\/et_pb_column][\/et_pb_row][\/et_pb_section][et_pb_section fb_built=&#8221;1&#8243; _builder_version=&#8221;4.9.7&#8243; _module_preset=&#8221;default&#8221; custom_padding=&#8221;23px|||||&#8221; global_module=&#8221;230787&#8243; saved_tabs=&#8221;all&#8221; global_colors_info=&#8221;{}&#8221;][et_pb_row _builder_version=&#8221;4.16&#8243; _module_preset=&#8221;default&#8221; global_colors_info=&#8221;{}&#8221;][et_pb_column type=&#8221;4_4&#8243; _builder_version=&#8221;4.16&#8243; _module_preset=&#8221;default&#8221; global_colors_info=&#8221;{}&#8221;][dsm_text_divider header=&#8221;Prises en charge du congr\u00e8s&#8221; _builder_version=&#8221;4.20.1&#8243; _module_preset=&#8221;default&#8221; header_level=&#8221;h1&#8243; global_colors_info=&#8221;{}&#8221;][\/dsm_text_divider][\/et_pb_column][\/et_pb_row][et_pb_row _builder_version=&#8221;4.16&#8243; _module_preset=&#8221;default&#8221; global_colors_info=&#8221;{}&#8221;][et_pb_column type=&#8221;4_4&#8243; _builder_version=&#8221;4.16&#8243; _module_preset=&#8221;default&#8221; global_colors_info=&#8221;{}&#8221;][et_pb_accordion _builder_version=&#8221;4.20.1&#8243; _module_preset=&#8221;default&#8221; toggle_level=&#8221;h4&#8243; toggle_font=&#8221;|600|||||||&#8221; closed_toggle_font=&#8221;|600|||||||&#8221; global_colors_info=&#8221;{}&#8221;][et_pb_accordion_item title=&#8221;Votre titre va ici&#8221; open=&#8221;on&#8221; _builder_version=&#8221;4.16&#8243; _module_preset=&#8221;default&#8221; custom_css_main_element=&#8221;display: none; &#8221; global_colors_info=&#8221;{}&#8221;]<\/p>\n<p>Your content goes here. Edit or remove this text inline or in the module Content settings. You can also style every aspect of this content in the module Design settings and even apply custom CSS to this text in the module Advanced settings.<\/p>\n<p>[\/et_pb_accordion_item][et_pb_accordion_item title=&#8221;Prise en charge DPC&#8221; _builder_version=&#8221;4.20.1&#8243; _module_preset=&#8221;default&#8221; global_colors_info=&#8221;{}&#8221; open=&#8221;off&#8221;]<\/p>\n<p>Le D\u00e9veloppement Professionnel Continu est g\u00e9r\u00e9 par l\u2019ANDPC, organisme d\u2019Etat. Ses fonds proviennent d\u2019une taxe sur l\u2019industrie pharmaceutique, et d\u2019une contribution de l\u2019Assurance-Maladie. Il concerne l\u2019ensemble des m\u00e9decins hormis les lib\u00e9raux non conventionn\u00e9s.<\/p>\n<p><span style=\"color: #339966;\"><strong>Vous \u00eates m\u00e9decin th\u00e9s\u00e9 ayant plus de 50 % d\u2019activit\u00e9 lib\u00e9rale<\/strong><\/span>, g\u00e9n\u00e9raliste ou sp\u00e9cialiste, install\u00e9<\/p>\n<p>Vous disposez d\u2019un compte de formation annuel de 21 heures.<\/p>\n<p><em>Ces formations DPC sont indemnis\u00e9es pour perte de ressources.<\/em><\/p>\n<p><span style=\"color: #339966;\"><strong>Conditions pour b\u00e9n\u00e9ficier d&#8217;une prise en charge d&#8217;une formation par l\u2019ANDPC<\/strong><\/span><\/p>\n<p>&#8211; avoir ouvert ou ouvrir un compte sur <a href=\"http:\/\/www.mondpc.fr\/\" target=\"_blank\" rel=\"noopener\">Mondpc.fr.<\/a><\/p>\n<p>&#8211; \u00eatre m\u00e9decin conventionn\u00e9, en secteur 1 ou 2<\/p>\n<p><span style=\"color: #339966;\"><strong>Utilisation du cr\u00e9dit temps de formation annuel de 21 heures<\/strong><\/span><\/p>\n<p>Ce cr\u00e9dit de temps de formation peut \u00eatre, au choix,<\/p>\n<p>&#8211; s\u00e9par\u00e9 en plusieurs actions,<\/p>\n<p>&#8211; ou consacr\u00e9 int\u00e9gralement \u00e0 une seule formation.<\/p>\n<p><span style=\"color: #339966;\"><strong>Indemnit\u00e9s vers\u00e9es directement au participant par l&#8217;ANDPC<\/strong><\/span><\/p>\n<p>Pour les formations propos\u00e9es dans le cadre du congr\u00e8s votre indemnisation s\u2019\u00e9l\u00e8vera, sous r\u00e9serve de votre cr\u00e9dit temps disponible, \u00e0\u00a0:<\/p>\n<p>&#8211; 315 euros<span>\u00a0 <\/span>par programme de 7 heures\u00a0;<\/p>\n<p>&#8211; <span> 180 euros par programme de 4 heures ;<\/span><\/p>\n<p><span style=\"color: #339966;\"><strong>Les \u00e9tapes de l&#8217;inscription \u00e0 une ou plusieurs formations DPC du congr\u00e8s:<\/strong><\/span><\/p>\n<p>&#8211; Vous inscrire au Congr\u00e8s et s\u00e9lectionner le(s) programme(s) de formation labellis\u00e9(s) DPC que vous souhaitez suivre<\/p>\n<p>&#8211; Attendre de recevoir le mail de notre part avec la r\u00e9f\u00e9rence du (ou des) programme(s)<\/p>\n<p>&#8211; Vous connecter \u00e0 votre compte personnel sur\u00a0<a href=\"http:\/\/www.mondpc.fr\/\" target=\"_blank\" rel=\"noopener\">www.mondpc.fr<\/a><\/p>\n<p>&#8211; vous munir de cette(ces) r\u00e9f\u00e9rence(s) et vous inscrire au(x) programme(s) correspondant(s)<\/p>\n<p><span style=\"color: #339966;\"><strong>Si vous \u00eates m\u00e9decin salari\u00e9 :<\/strong><\/span><\/p>\n<p>Une convention doit \u00eatre sign\u00e9e au pr\u00e9alable avec votre employeur.<\/p>\n<p>Vous n\u2019\u00eates pas indemnis\u00e9 directement par l\u2019ANDPC.<\/p>\n<p><a href=\"https:\/\/echoclinique.fr\/wp-content\/uploads\/2024\/01\/Comment-sinscrire-a-une-action-de-DPC-A2FM-_2324.pdf\" target=\"_blank\" rel=\"noopener\" title=\"Guide d'inscription DPC\"><strong>Guide d&#8217;inscription DPC<\/strong><\/a><\/p>\n<p><strong>Assistance ANDPC du Congr\u00e8s : +33 (0)6 72 20 86 04 ou contact@echoclinique.fr<\/strong><\/p>\n<p>[\/et_pb_accordion_item][et_pb_accordion_item title=&#8221;Prise en charge FAF PM&#8221; _builder_version=&#8221;4.20.1&#8243; _module_preset=&#8221;default&#8221; global_colors_info=&#8221;{}&#8221; open=&#8221;off&#8221;]<\/p>\n<p>Le Fonds d\u2019Assurance de Formations des Professions M\u00e9dicales est la structure officiellement reconnue pour g\u00e9rer la Formation M\u00e9dicale Continue (FMC) de tous les m\u00e9decins lib\u00e9raux, conventionn\u00e9s ou non. Il est g\u00e9r\u00e9 par les syndicats m\u00e9dicaux, et est abond\u00e9 par les cotisations sp\u00e9cifiques FAF des m\u00e9decins (vers\u00e9es en f\u00e9vrier \u00e0 l\u2019URSSAF). Le FAF-PM d\u00e9l\u00e8gue aux organismes agr\u00e9\u00e9s, comme l\u2019A2FM, le soin de proposer et d\u2019organiser des actions de formation.<\/p>\n<p>(A) Il prend en charge les formations agr\u00e9\u00e9s FAF PM.<\/p>\n<p>(B) Ou rembourse tout ou partie de l&#8217;inscription au<span>\u00a0 <\/span>congr\u00e8s si vous ne suivez pas de formation, sous r\u00e9serve de la reconduction des r\u00e8gles de prise en charge \u00e0 titre individuel en 2024.<\/p>\n<p><em>Les formations FAF ne sont pas indemnis\u00e9es.<\/em><\/p>\n<p><span style=\"color: #339966;\"><strong>Conditions pour b\u00e9n\u00e9ficier de la prise en charge d&#8217;une formation par le FAF<\/strong><\/span><\/p>\n<p>&#8211; \u00eatre m\u00e9decin ayant un exercice lib\u00e9ral, conventionn\u00e9 ou non, ou conjoint collaborateur<\/p>\n<p>&#8211; s&#8217;\u00eatre acquitt\u00e9 de la contribution pour la formation professionnelle (CFP) aupr\u00e8s de l\u2019URSSAF.<\/p>\n<p><span style=\"color: #339966;\"><strong>(A) Vous souhaitez suivre une formation agr\u00e9e FAF PM<\/strong><\/span><\/p>\n<p><strong>Les \u00e9tapes de l&#8217;inscription aux formation agr\u00e9es FAF PM avec prise en charge<\/strong><\/p>\n<p>&#8211; Vous inscrire au Congr\u00e8s et s\u00e9lectionner le ou les programmes de formation labellis\u00e9s FAF-PM que vous souhaitez suivre<\/p>\n<p>&#8211; nous adresser par mail \u00e0 contact@echoclinique.fr, la copie de l\u2019attestation de versement de la contribution \u00e0 la formation professionnelle d\u00e9livr\u00e9e par l\u2019URSSAF re\u00e7ue en 2023, au titre de l\u2019exercice de l\u2019ann\u00e9e 2022.<\/p>\n<p><strong><a href=\"https:\/\/www.a2fm.fr\/attestation-faf\" target=\"_blank\" rel=\"noopener\">O\u00f9 se cache donc cette attestation FAF qu\u2019on me r\u00e9clame ?<\/a>\u00a0<\/strong><\/p>\n<p><span style=\"color: #339966;\"><strong>(B) Vous souhaitez participer uniquement aux tables rondes et acc\u00e9der l\u2019espace Exposition<\/strong><\/span><\/p>\n<p><strong>Les \u00e9tapes pour demander la prise en charge<\/strong><\/p>\n<p><strong>&#8211; s&#8217;inscrire au congr\u00e8s<\/strong><\/p>\n<p><strong>&#8211; dans les trente jours apr\u00e8s la date de fin du congr\u00e8s<\/strong>, transmettre une demande de prise en charge directement aupr\u00e8s du FAF-PM par voie postale avec les \u00e9l\u00e9ments suivants :<\/p>\n<ul>\n<li>un <a href=\"https:\/\/www.fafpm.org\/wp-content\/uploads\/2018\/05\/Bordereau-PECI-2018.pdf\" target=\"_blank\" rel=\"noopener\">formulaire<\/a> d\u00fbment renseign\u00e9,<\/li>\n<li>une copie du programme de la formation,<\/li>\n<li>une facture acquitt\u00e9e et nominative,<\/li>\n<li>une attestation de pr\u00e9sence nominative,<\/li>\n<li>une attestation de versement de la Contribution \u00e0 la Formation Professionnelle d\u00e9livr\u00e9e par l\u2019URSSAF dans l\u2019ann\u00e9e en cours au titre de l\u2019exercice N-1. Un exemple est consultable <a href=\"https:\/\/www.fafpm.org\/wp-content\/uploads\/2018\/11\/exemple-attestation-Urssaf.pdf\" target=\"_blank\" rel=\"noopener\">ici<\/a>,<\/li>\n<li>un relev\u00e9 d\u2019Identit\u00e9 bancaire.<\/li>\n<\/ul>\n<p>Depuis peu, cette demande peut \u00e9galement \u00eatre <a href=\"https:\/\/www.fafpm.org\/medecins-liberaux\/actions-de-formations-financees-a-titre-individuel\/\" target=\"_blank\" rel=\"noopener\">formul\u00e9e en ligne<\/a>.<\/p>\n<p>[\/et_pb_accordion_item][et_pb_accordion_item title=&#8221;Prise en charge par l&#8217;employeur&#8221; _builder_version=&#8221;4.20.1&#8243; _module_preset=&#8221;default&#8221; global_colors_info=&#8221;{}&#8221; open=&#8221;off&#8221;]<\/p>\n<p><span>Suite \u00e0 l&#8217;inscription confirmant vos choix d&#8217;ateliers, vous recevrez une convention de formation ainsi qu&#8217;un devis par mail, \u00e0 nous retourner sign\u00e9s.<\/span><br \/><span>Votre inscription d\u00e9finitive est conditionn\u00e9e au paiement des frais li\u00e9s aux formations :\u00a0 350 \u20ac par atelier.<\/span><\/p>\n<p><strong><u><\/u><\/strong><\/p>\n<p><u><strong>Conditions d&#8217;annulation<\/strong><\/u><br \/>Toute annulation ou report du fait du stagiaire doit \u00eatre signal\u00e9 imm\u00e9diatement et confirm\u00e9 par \u00e9crit par le Client. Toute demande d\u2019annulation devra nous parvenir par email comprenant un accus\u00e9 de r\u00e9ception \u00e9lectronique. En cas d\u2019annulation, les charges suivantes seront appliqu\u00e9es :<br \/>\u2022 Avant le 8 janvier 2024 : Remboursement total moins 50 \u20ac de frais de gestion<br \/>\u2022 Apr\u00e8s le 8 janvier 2024 : Aucun remboursement.<\/p>\n<p>[\/et_pb_accordion_item][\/et_pb_accordion][\/et_pb_column][\/et_pb_row][et_pb_row column_structure=&#8221;1_2,1_2&#8243; _builder_version=&#8221;4.16&#8243; _module_preset=&#8221;default&#8221; global_colors_info=&#8221;{}&#8221;][et_pb_column type=&#8221;1_2&#8243; _builder_version=&#8221;4.16&#8243; _module_preset=&#8221;default&#8221; global_colors_info=&#8221;{}&#8221;][dizo_image_hover image=&#8221;https:\/\/echoclinique.fr\/wp-content\/uploads\/2021\/07\/AdobeStock_169356139-scaled.jpeg&#8221; image_height_settings=&#8221;on&#8221; image_height=&#8221;430px&#8221; effect_style=&#8221;modern&#8221; modern_style=&#8221;mdn-lexi&#8221; t_prefix=&#8221;Programme&#8221; t_suffix=&#8221;\u00e9choclinique 2024&#8243; content_text=&#8221;<\/p>\n<p style=%22padding: 10px;%22>Consultez le programme du congr\u00e8s<\/p>\n<p>&#8221; button_text=&#8221;Lire plus&#8221; button_url=&#8221;https:\/\/echoclinique.fr\/index.php\/programme\/&#8221; button_url_new_window=&#8221;on&#8221; prefix_padding=&#8221;8px|10px|8px|10px|true|true&#8221; text_padding_tablet=&#8221;&#8221; text_padding_phone=&#8221;3px|5px|3px|5px|true|true&#8221; text_padding_last_edited=&#8221;on|phone&#8221; prefix_background_bgcolor=&#8221;#ffffff&#8221; module_link_url_new_window=&#8221;1&#8243; _builder_version=&#8221;4.20.1&#8243; title_prefix_font=&#8221;||||||||&#8221; title_prefix_text_color=&#8221;#000000&#8243; custom_button=&#8221;on&#8221; button_custom_margin=&#8221;||||false|false&#8221; custom_margin=&#8221;||4px||false|false&#8221; custom_padding=&#8221;||||false|false&#8221; title_font_size_tablet=&#8221;&#8221; title_font_size_phone=&#8221;15px&#8221; title_font_size_last_edited=&#8221;on|desktop&#8221; locked=&#8221;off&#8221; global_colors_info=&#8221;{}&#8221;][\/dizo_image_hover][\/et_pb_column][et_pb_column type=&#8221;1_2&#8243; _builder_version=&#8221;4.16&#8243; _module_preset=&#8221;default&#8221; global_colors_info=&#8221;{}&#8221;][dizo_image_hover image=&#8221;https:\/\/echoclinique.fr\/wp-content\/uploads\/2021\/07\/AdobeStock_208286356-scaled.jpeg&#8221; image_height_settings=&#8221;on&#8221; image_height=&#8221;430px&#8221; effect_style=&#8221;modern&#8221; modern_style=&#8221;mdn-lexi&#8221; t_prefix=&#8221;Pl\u00e9ni\u00e8res&#8221; t_suffix=&#8221;Tables rondes&#8221; content_text=&#8221;<\/p>\n<p style=%22padding: 10px;%22>Liste et d\u00e9tails des sessions pl\u00e9ni\u00e8res<\/p>\n<p>&#8221; button_text=&#8221;Voir&#8221; button_url=&#8221;https:\/\/echoclinique.fr\/index.php\/plenieres\/&#8221; button_url_new_window=&#8221;1&#8243; prefix_padding=&#8221;8px|10px|8px|10px|true|true&#8221; text_padding_tablet=&#8221;&#8221; text_padding_phone=&#8221;3px|5px|3px|5px|true|true&#8221; text_padding_last_edited=&#8221;on|phone&#8221; prefix_background_bgcolor=&#8221;#ffffff&#8221; module_link_url_new_window=&#8221;1&#8243; _builder_version=&#8221;4.16&#8243; title_prefix_font=&#8221;||||||||&#8221; title_prefix_text_color=&#8221;#000000&#8243; custom_button=&#8221;on&#8221; button_custom_margin=&#8221;||||false|false&#8221; custom_margin=&#8221;||4px||false|false&#8221; custom_padding=&#8221;||||false|false&#8221; title_font_size_tablet=&#8221;&#8221; title_font_size_phone=&#8221;15px&#8221; title_font_size_last_edited=&#8221;on|desktop&#8221; locked=&#8221;off&#8221; global_colors_info=&#8221;{}&#8221;][\/dizo_image_hover][\/et_pb_column][\/et_pb_row][et_pb_row _builder_version=&#8221;4.16&#8243; _module_preset=&#8221;default&#8221; background_color=&#8221;#cc6633&#8243; global_colors_info=&#8221;{}&#8221;][et_pb_column type=&#8221;4_4&#8243; _builder_version=&#8221;4.16&#8243; _module_preset=&#8221;default&#8221; global_colors_info=&#8221;{}&#8221;][et_pb_text _builder_version=&#8221;4.16&#8243; _module_preset=&#8221;default&#8221; text_text_color=&#8221;#FFFFFF&#8221; text_font_size=&#8221;16px&#8221; text_line_height=&#8221;2em&#8221; text_orientation=&#8221;center&#8221; global_colors_info=&#8221;{}&#8221;]<\/p>\n<p style=\"text-align: center;\"><strong>Inscrivez-vous \u00e0 la newsletter pour rester inform\u00e9 des actualit\u00e9s<\/strong><\/p>\n<p>[\/et_pb_text][et_pb_signup mailchimp_list=&#8221;echoclinique|87d7168ba8&#8243; layout=&#8221;top_bottom&#8221; success_message=&#8221;F\u00e9licitation ! Vous \u00eates maintenant abonn\u00e9 \u00e0 la newsletter d&#8217;\u00e9choclinique :)&#8221; button_text=&#8221;S\u2019inscrire \u00e0 la newsletter&#8221; _builder_version=&#8221;4.20.1&#8243; header_level=&#8221;h3&#8243; header_font=&#8221;Ubuntu|700|||||||&#8221; header_font_size=&#8221;36px&#8221; header_line_height=&#8221;1.4em&#8221; body_font_size=&#8221;16px&#8221; body_line_height=&#8221;2em&#8221; form_field_font=&#8221;Lato||||||||&#8221; form_field_line_height=&#8221;1.8em&#8221; use_background_color=&#8221;off&#8221; custom_button=&#8221;on&#8221; button_text_size=&#8221;18px&#8221; button_text_color=&#8221;#ffffff&#8221; button_bg_color=&#8221;#393e56&#8243; button_border_width=&#8221;6px&#8221; button_border_color=&#8221;rgba(0,0,0,0)&#8221; button_border_radius=&#8221;0px&#8221; button_letter_spacing=&#8221;2px&#8221; button_font=&#8221;Ubuntu|700|||||||&#8221; button_icon=&#8221;&#x24;||divi||400&#8243; text_orientation=&#8221;center&#8221; background_layout=&#8221;light&#8221; max_width=&#8221;700px&#8221; module_alignment=&#8221;center&#8221; header_font_size_tablet=&#8221;&#8221; header_font_size_phone=&#8221;24px&#8221; header_font_size_last_edited=&#8221;on|phone&#8221; border_radii_fields=&#8221;on|0px|0px|0px|0px&#8221; border_width_all_fields=&#8221;2px&#8221; border_color_all_fields=&#8221;rgba(187,173,161,0.3)&#8221; locked=&#8221;off&#8221; global_colors_info=&#8221;{}&#8221; button_text_size__hover_enabled=&#8221;off&#8221; button_one_text_size__hover_enabled=&#8221;off&#8221; button_two_text_size__hover_enabled=&#8221;off&#8221; button_text_color__hover_enabled=&#8221;off&#8221; button_one_text_color__hover_enabled=&#8221;off&#8221; button_two_text_color__hover_enabled=&#8221;off&#8221; button_border_width__hover_enabled=&#8221;off&#8221; button_one_border_width__hover_enabled=&#8221;off&#8221; button_two_border_width__hover_enabled=&#8221;off&#8221; button_border_color__hover_enabled=&#8221;off&#8221; button_one_border_color__hover_enabled=&#8221;off&#8221; button_two_border_color__hover_enabled=&#8221;off&#8221; button_border_radius__hover_enabled=&#8221;off&#8221; button_one_border_radius__hover_enabled=&#8221;off&#8221; button_two_border_radius__hover_enabled=&#8221;off&#8221; button_letter_spacing__hover_enabled=&#8221;off&#8221; button_one_letter_spacing__hover_enabled=&#8221;off&#8221; button_two_letter_spacing__hover_enabled=&#8221;off&#8221; button_bg_color__hover_enabled=&#8221;off&#8221; button_one_bg_color__hover_enabled=&#8221;off&#8221; button_two_bg_color__hover_enabled=&#8221;off&#8221;][\/et_pb_signup][\/et_pb_column][\/et_pb_row][et_pb_row disabled_on=&#8221;on|on|on&#8221; _builder_version=&#8221;4.16&#8243; _module_preset=&#8221;default&#8221; disabled=&#8221;on&#8221; global_colors_info=&#8221;{}&#8221;][et_pb_column type=&#8221;4_4&#8243; _builder_version=&#8221;4.16&#8243; _module_preset=&#8221;default&#8221; global_colors_info=&#8221;{}&#8221;][et_pb_text _builder_version=&#8221;4.16&#8243; _module_preset=&#8221;default&#8221; text_font_size=&#8221;16px&#8221; text_line_height=&#8221;2em&#8221; global_colors_info=&#8221;{}&#8221;]<\/p>\n<ul>\n<li><span style=\"color: #ff6600;\"><strong>Nos programmes valid\u00e9s DPC<\/strong><\/span><\/li>\n<\/ul>\n<p>Le D\u00e9veloppement Professionnel Continu est g\u00e9r\u00e9 par l\u2019ANDPC, organisme d\u2019Etat. Ses fonds proviennent d\u2019une taxe sur l\u2019industrie pharmaceutique, et d\u2019une contribution de l\u2019Assurance-Maladie. Il concerne l\u2019ensemble des m\u00e9decins hormis les lib\u00e9raux non conventionn\u00e9s.<\/p>\n<p><span style=\"color: #339966;\"><strong>Vous \u00eates m\u00e9decin th\u00e9s\u00e9 ayant plus de 50 % d\u2019activit\u00e9 lib\u00e9rale<\/strong><\/span>, g\u00e9n\u00e9raliste ou sp\u00e9cialiste, install\u00e9<\/p>\n<p>Vous disposez d\u2019un compte de formation annuel de 21 heures.<\/p>\n<p><em>Ces formations DPC sont indemnis\u00e9es pour perte de ressources.<\/em><\/p>\n<p><span style=\"color: #339966;\"><strong>Conditions pour b\u00e9n\u00e9ficier d&#8217;une prise en charge d&#8217;une formation par l\u2019ANDPC<\/strong><\/span><\/p>\n<p>&#8211; avoir ouvert ou ouvrir un compte sur <a href=\"http:\/\/www.mondpc.fr\/\">Mondpc.fr.<\/a><\/p>\n<p>&#8211; \u00eatre m\u00e9decin conventionn\u00e9, en secteur 1 ou 2<\/p>\n<p>&#8211; participer \u00e0 2 actions sur une p\u00e9riode de 3 ans parmi 3 cat\u00e9gories (action de formation continue, action d\u2019\u00e9valuation des pratiques professionnelles, action de gestion des risques).<\/p>\n<p><span style=\"color: #339966;\"><strong>Vous \u00eates m\u00e9decin salari\u00e9<\/strong>.<\/span><\/p>\n<p>Une convention doit \u00eatre sign\u00e9e au pr\u00e9alable avec votre employeur.<\/p>\n<p>Vous n\u2019\u00eates pas indemnis\u00e9 directement par l\u2019ANDPC.<\/p>\n<p><span style=\"color: #339966;\"><strong>Utilisation du cr\u00e9dit temps de formation annuel de 21 heures<\/strong><\/span><\/p>\n<p>Ce cr\u00e9dit de temps de formation peut \u00eatre, au choix,<\/p>\n<p>&#8211; s\u00e9par\u00e9 en plusieurs actions,<\/p>\n<p>&#8211; ou consacr\u00e9 int\u00e9gralement \u00e0 une seule formation.<\/p>\n<p><span style=\"color: #339966;\"><strong>Indemnit\u00e9s vers\u00e9es directement au participant par l&#8217;ANDPC<\/strong><\/span><\/p>\n<p>Pour les formations propos\u00e9es dans le cadre du congr\u00e8s votre indemnisation s\u2019\u00e9l\u00e8vera, sous r\u00e9serve de votre cr\u00e9dit temps disponible, \u00e0\u00a0:<\/p>\n<p>&#8211; 315 euros<span>\u00a0 <\/span>par programme de 7 heures\u00a0;<\/p>\n<p>&#8211; 135 euros par programme de 3 heures.<\/p>\n<p><span style=\"color: #339966;\"><strong>Les \u00e9tapes de l&#8217;inscription \u00e0 une ou plusieurs formations DPC du congr\u00e8s:<\/strong><\/span><\/p>\n<p>&#8211; Vous inscrire au Congr\u00e8s et s\u00e9lectionner le(s) programme(s) de formation labellis\u00e9(s) DPC que vous souhaitez suivre<\/p>\n<p>&#8211; Attendre de recevoir le mail de notre part avec la r\u00e9f\u00e9rence du (ou des) programme(s)<\/p>\n<p>&#8211; Vous connecter \u00e0 votre compte personnel sur\u00a0<a href=\"http:\/\/www.mondpc.fr\/\">www.mondpc.fr<\/a><\/p>\n<p>&#8211; vous munir de cette(ces) r\u00e9f\u00e9rence(s) et vous inscrire au(x) programme(s) correspondant(s)<\/p>\n<p>Assistance ANDPC du Congr\u00e8s : Monique Renard &#8211; T\u00e9l. 01 46 44 85 02<\/p>\n<p>&nbsp;<\/p>\n<p>&nbsp;<\/p>\n<ul>\n<li><span style=\"color: #ff6600;\"><strong>FAF PM<\/strong><\/span><\/li>\n<\/ul>\n<p>Le Fonds d\u2019Assurance de Formations des Professions M\u00e9dicales est la structure officiellement reconnue pour g\u00e9rer la Formation M\u00e9dicale Continue (FMC) de tous les m\u00e9decins lib\u00e9raux, conventionn\u00e9s ou non. Il est g\u00e9r\u00e9 par les syndicats m\u00e9dicaux, et est abond\u00e9 par les cotisations sp\u00e9cifiques FAF des m\u00e9decins (vers\u00e9es en f\u00e9vrier \u00e0 l\u2019URSSAF). Le FAF-PM d\u00e9l\u00e8gue aux organismes agr\u00e9\u00e9s, comme l\u2019A2FM, le soin de proposer et d\u2019organiser des actions de formation.<\/p>\n<p>(A) Il prend en charge les formations agr\u00e9\u00e9s FAF PM. (B) Ou rembourse tout ou partie de l&#8217;inscription au<span>\u00a0 <\/span>congr\u00e8s si vous ne suivez pas de formation, sous r\u00e9serve de la reconduction des r\u00e8gles de prise en charge \u00e0 titre individuel en 2022.<\/p>\n<p><em>Les formations FAF ne sont pas indemnis\u00e9es.<\/em><\/p>\n<p><span style=\"color: #339966;\"><strong>Conditions pour b\u00e9n\u00e9ficier de la prise en charge d&#8217;une formation par le FAF<\/strong><\/span><\/p>\n<p>&#8211; \u00eatre m\u00e9decin ayant un exercice lib\u00e9ral, conventionn\u00e9 ou non, ou conjoint collaborateur<\/p>\n<p>&#8211; s&#8217;\u00eatre acquitt\u00e9 de la contribution pour la formation professionnelle (CFP) aupr\u00e8s de l\u2019URSSAF.<\/p>\n<p><span style=\"color: #339966;\"><strong>(A) Vous souhaitez suivre une formation agr\u00e9e FAF PM<\/strong><\/span><\/p>\n<p><strong>Les \u00e9tapes de l&#8217;inscription aux formation agr\u00e9es FAF PM avec prise en charge<\/strong><\/p>\n<p>&#8211; Vous inscrire au Congr\u00e8s et s\u00e9lectionner le ou les programmes de formation labellis\u00e9s FAF-PM que vous souhaitez suivre<\/p>\n<p>&#8211; nous adresser par mail \u00e0 monique.renard@a2fm.org, la copie de l\u2019attestation de versement de la contribution \u00e0 la formation professionnelle d\u00e9livr\u00e9e par l\u2019URSSAF re\u00e7ue en 2021, au titre de l\u2019exercice de l\u2019ann\u00e9e 2020.<\/p>\n<p><strong><a href=\"https:\/\/www.a2fm.fr\/attestation-faf\" target=\"_blank\" rel=\"noopener\">O\u00f9 se cache donc cette attestation FAF qu\u2019on me r\u00e9clame ?<\/a>\u00a0<\/strong><\/p>\n<p><span style=\"color: #339966;\"><strong>(B) Vous souhaitez participer uniquement aux tables rondes et acc\u00e9der l\u2019espace Exposition<\/strong><\/span><\/p>\n<p><strong>Les \u00e9tapes pour demander la prise en charge<\/strong><\/p>\n<p><strong>&#8211; s&#8217;inscrire au congr\u00e8s<\/strong><\/p>\n<p><strong>&#8211; dans les trente jours apr\u00e8s la date de fin du congr\u00e8s<\/strong>, transmettre une demande de prise en charge directement aupr\u00e8s du FAF-PM par voie postale avec les \u00e9l\u00e9ments suivants :<\/p>\n<ul>\n<li>un <a href=\"https:\/\/www.fafpm.org\/wp-content\/uploads\/2018\/05\/Bordereau-PECI-2018.pdf\">formulaire<\/a> d\u00fbment renseign\u00e9,<\/li>\n<li>une copie du programme de la formation,<\/li>\n<li>une facture acquitt\u00e9e et nominative,<\/li>\n<li>une attestation de pr\u00e9sence nominative,<\/li>\n<li>une attestation de versement de la Contribution \u00e0 la Formation Professionnelle d\u00e9livr\u00e9e par l\u2019URSSAF dans l\u2019ann\u00e9e en cours au titre de l\u2019exercice N-1. Un exemple est consultable <a href=\"https:\/\/www.fafpm.org\/wp-content\/uploads\/2018\/11\/exemple-attestation-Urssaf.pdf\">ici<\/a>,<\/li>\n<li>un relev\u00e9 d\u2019Identit\u00e9 bancaire.<\/li>\n<\/ul>\n<p>Depuis peu, cette demande peut \u00e9galement \u00eatre <a href=\"https:\/\/www.fafpm.org\/medecins-liberaux\/actions-de-formations-financees-a-titre-individuel\/\">formul\u00e9e en ligne<\/a>.<\/p>\n<p>[\/et_pb_text][\/et_pb_column][\/et_pb_row][\/et_pb_section]<\/p>\n","protected":false},"excerpt":{"rendered":"<p><div class=\"et_pb_module dsm_text_divider dsm_text_divider_0\">\n\t\t\t\t\n\t\t\t\t\n\t\t\t\t\n\t\t\t\t\n\t\t\t\t\n\t\t\t\t\n\t\t\t\t<div class=\"et_pb_module_inner\">\n\t\t\t\t\t<div class=\"dsm-text-divider-wrapper dsm-text-divider-align-center et_pb_bg_layout_light\">\n\t\t\t\t\n\t\t\t\t\n\t\t\t\t<div class=\"dsm-text-divider-before dsm-divider\"><\/div>\n\t\t\t\t<h1 class=\"dsm-text-divider-header et_pb_module_header\"><span>Inscription au congr\u00e8s \u00e9choclinique 2024<\/span><\/h1>\n\t\t\t\t<div class=\"dsm-text-divider-after dsm-divider\"><\/div>\n\t\t\t<\/div>\n\t\t\t\t<\/div>\n\t\t\t<\/div>Les inscriptions au congr\u00e8s sont ouvertes , cliquez sur le bouton relatif \u00e0 votre situation :Attention : pour les inscription en [&hellip;]<\/p>\n","protected":false},"author":1,"featured_media":0,"parent":0,"menu_order":0,"comment_status":"closed","ping_status":"closed","template":"","meta":{"_et_pb_use_builder":"on","_et_pb_old_content":"","_et_gb_content_width":"","ngg_post_thumbnail":0},"_links":{"self":[{"href":"https:\/\/echoclinique.fr\/index.php\/wp-json\/wp\/v2\/pages\/229789"}],"collection":[{"href":"https:\/\/echoclinique.fr\/index.php\/wp-json\/wp\/v2\/pages"}],"about":[{"href":"https:\/\/echoclinique.fr\/index.php\/wp-json\/wp\/v2\/types\/page"}],"author":[{"embeddable":true,"href":"https:\/\/echoclinique.fr\/index.php\/wp-json\/wp\/v2\/users\/1"}],"replies":[{"embeddable":true,"href":"https:\/\/echoclinique.fr\/index.php\/wp-json\/wp\/v2\/comments?post=229789"}],"version-history":[{"count":139,"href":"https:\/\/echoclinique.fr\/index.php\/wp-json\/wp\/v2\/pages\/229789\/revisions"}],"predecessor-version":[{"id":231842,"href":"https:\/\/echoclinique.fr\/index.php\/wp-json\/wp\/v2\/pages\/229789\/revisions\/231842"}],"wp:attachment":[{"href":"https:\/\/echoclinique.fr\/index.php\/wp-json\/wp\/v2\/media?parent=229789"}],"curies":[{"name":"wp","href":"https:\/\/api.w.org\/{rel}","templated":true}]}}